{"id":8,"date":"2024-01-15T12:29:03","date_gmt":"2024-01-15T11:29:03","guid":{"rendered":"http:\/\/misa.vrankova-devel2.cz\/subdom\/misa\/?page_id=8"},"modified":"2024-02-12T17:25:26","modified_gmt":"2024-02-12T16:25:26","slug":"o-mne","status":"publish","type":"page","link":"https:\/\/misa.vrankova-devel2.cz\/subdom\/misa\/o-mne\/","title":{"rendered":"O mne"},"content":{"rendered":"\n<p>Som <strong>Michaela Dlh\u00e1<\/strong> a mojou z\u00e1\u013eubou a z\u00e1rove\u0148 aj pr\u00e1cou je pr\u00edstupnos\u0165.<\/p>\n\n\n\n<p>Mojou v\u00fdhodou je, \u017ee dok\u00e1\u017eem testova\u0165 web aj mobiln\u00fa aplik\u00e1ciu nielen z h\u013eadiska povinn\u00e9ho s\u00faladu so z\u00e1konmi, ale aj ako re\u00e1lny pou\u017e\u00edvate\u013e \u010d\u00edta\u010da obrazovky. Nedostanete odo m\u0148a teda len zoznam form\u00e1lnych ch\u00fdb, ale aj odpor\u00fa\u010dania, aby str\u00e1nka \u010di aplik\u00e1cia boli nielen pr\u00edstupn\u00e9, ale aj pou\u017eite\u013en\u00e9. To toti\u017e nie je v\u017edy to ist\u00e9.<\/p>\n\n\n\n<p>Ovl\u00e1dam legislat\u00edvu v oblasti pr\u00edstupnosti \u010ceskej aj Slovenskej republiky a takisto Eur\u00f3pskej \u00fanie.<\/p>\n\n\n\n<h2 id=\"certifikacie\" class=\"wp-block-heading\">Certifik\u00e1cie<\/h2>\n\n\n\n<ul class=\"wp-block-list\">\n<li>Aktu\u00e1lne sa pripravujem na certifik\u00e1ciu WAS \u2013 Web Accesibility Specialist v medzin\u00e1rodne uzn\u00e1vanej organiz\u00e1cii IAAP<\/li>\n\n\n\n<li>2023 \u2013 Fast Track to Accessibility for Non-Technical Roles<\/li>\n\n\n\n<li>2023 \u2013 Fast Track to Accessibility for Designers<\/li>\n\n\n\n<li>2022 \u2013 <a href=\"https:\/\/certification.nvaccess.org\/\">NVDA 2019 a 2022 certified expert<\/a><\/li>\n<\/ul>\n\n\n\n<h2 id=\"projekty-a-zamestnania\" class=\"wp-block-heading\">Projekty a zamestnania<\/h2>\n\n\n\n<ul class=\"wp-block-list\">\n<li>janu\u00e1r 2022 doteraz \u2013 <a href=\"https:\/\/bezbarierovakomunikacia.sk\/\">Centrum bezbari\u00e9rovej komunik\u00e1cie<\/a> \u2013 prepis podcastov pre potreby sluchovo znev\u00fdhodnen\u00fdch \u013eud\u00ed<\/li>\n\n\n\n<li>janu\u00e1r 2022 doteraz \u2013 publikovanie \u010dl\u00e1nkov pre <a href=\"https:\/\/www.portal-pelion.cz\/\">Port\u00e1l P\u00e9lion<\/a><\/li>\n\n\n\n<li>marec 2022 doteraz \u2013 Teiresi\u00e1s (centrum pre \u0161tudentov so \u0161pecifick\u00fdmi potrebami pri MU v Brne) \u2013 pr\u00edstupnos\u0165 webu a mobiln\u00fdch aplik\u00e1ci\u00ed \u2013 kni\u017eni\u010dn\u00e9 katal\u00f3gy, Dr. MAX, Zlat\u00fd erb, Moje dan\u011b iVys\u00edl\u00e1n\u00ed a ove\u013ea viac<\/li>\n\n\n\n<li>november 2022 doteraz \u2013 spolupr\u00e1ca na spr\u00edstup\u0148ovan\u00ed <a href=\"https:\/\/technologiebezzraku.sk\/2023\/11\/06\/melvil-pristupna-aplikacia-na-prehravanie-a-poznamkovanie-audio-knih\/\">aplik\u00e1cie Melvil<\/a> vydavate\u013estva Jan Melvil Publishing<\/li>\n\n\n\n<li>2022 aj 2023 j\u00fal \u2013 Lektor na Letnej po\u010d\u00edta\u010dovej \u0161kole pre \u0161tudentov s \u0165a\u017ek\u00fdm postihnut\u00edm zraku<\/li>\n\n\n\n<li>J\u00fan 2022 \u2013 Ikar \u2013 prepis rozhovorov z cyklu L\u00e1skav\u00e9 rodi\u010dovstvo<\/li>\n\n\n\n<li>december 2021 \u2013 marec 2023 \u2013 In\u0161tit\u00fat pre v\u00fdskum pr\u00e1ce a rodiny \u2013 prepis v\u00fdskumn\u00fdch rozhovorov<\/li>\n\n\n\n<li>j\u00fal 2021 \u2013 projekt From education to inclusion \u00daNSS \u2013 prepis vide\u00ed ako podklad pre titulkovanie<\/li>\n\n\n\n<li>j\u00fan \u2013 august 2021 \u2013 projekt stanem sa U\u010dITe\u013eom UK v Bratislave \u2013 prepis vyu\u010dovac\u00edch hod\u00edn do textovej podoby za \u00fa\u010delom vypracovania metodick\u00fdch materi\u00e1lov pre bud\u00facich pedag\u00f3gov<\/li>\n\n\n\n<li>febru\u00e1r 2016 \u2013 august 2021 \u2013 SOFYS \u2013 administrat\u00edvny pracovn\u00edk v oblasti monitoringu m\u00e9di\u00ed \u2013 prepis zvukov\u00fdch nahr\u00e1vok diskusi\u00ed a spravodajsk\u00fdch rel\u00e1ci\u00ed do textovej podoby<\/li>\n\n\n\n<li>december 2015 \u2013 N\u00e1rodn\u00e1 rada ob\u010danov so zdravotn\u00fdm postihnut\u00edm \u2013 vyhotovovanie z\u00e1pisu z konferencie pre \u00fa\u010dastn\u00edkov so sluchov\u00fdm znev\u00fdhodnen\u00edm<\/li>\n\n\n\n<li>september \u2013 december 2015 \u2013 Centrum podpory pre \u0161tudentov so \u0161pecifick\u00fdmi potrebami pri UK \u2013 prepis predn\u00e1\u0161ok do pozn\u00e1mkovej podoby pre \u0161tudentov s poruchou jemnej motoriky<\/li>\n<\/ul>\n\n\n\n<h2 id=\"neplatene-projekty\" class=\"wp-block-heading\">Neplaten\u00e9 projekty<\/h2>\n\n\n\n<ul class=\"wp-block-list\">\n<li>janu\u00e1r 2023 doteraz \u2013 spolupr\u00e1ca na spr\u00edstup\u0148ovan\u00ed projektu Michelle Losekoot <a href=\"https:\/\/posvitsi.cz\">Posvi\u0165 si<\/a><\/li>\n\n\n\n<li>febru\u00e1r 2021 doteraz \u2013 str\u00e1nka <a href=\"https:\/\/technologiebezzraku.sk\">Technol\u00f3gie bez zraku<\/a> \u2013 testovanie hardwaru a softwaru a tvorba obsahu pre \u013eud\u00ed so zrakov\u00fdm znev\u00fdhodnen\u00edm<\/li>\n\n\n\n<li>m\u00e1j 2023 \u2013 lektor na Jarnej Agore \u2013 konferencii pre pou\u017e\u00edvate\u013eov IT s \u0165a\u017ek\u00fdm postihnut\u00edm zraku<\/li>\n\n\n\n<li>marec 2023 \u2013 test mobiln\u00e9ho telef\u00f3nu <a href=\"https:\/\/technologiebezzraku.sk\/2023\/04\/11\/blindshell-classic-2-moderne-funkcie-v-starom-baleni\/\">BlindShell Classic 2<\/a><\/li>\n\n\n\n<li>apr\u00edl 2022 \u2013 test pr\u00edstupnosti mobilnej hry <a href=\"https:\/\/tothedragoncave.com\/\">To the Dragon Cave<\/a><\/li>\n\n\n\n<li>febru\u00e1r 2022 \u2013 test brailov\u00e9ho riadku Orbit reader<\/li>\n\n\n\n<li>november 2021 \u2013 test pom\u00f4cky pre zrakovo znev\u00fdhodnen\u00fdch OrCam MyEye 2<\/li>\n<\/ul>\n\n\n\n<p class=\"has-text-align-center has-large-font-size\">Chcete so mnou spolupracova\u0165?<\/p>\n\n\n\n<div class=\"wp-block-buttons is-content-justification-center is-layout-flex wp-container-core-buttons-is-layout-16018d1d wp-block-buttons-is-layout-flex\">\n<div class=\"wp-block-button\"><a class=\"wp-block-button__link wp-element-button\" href=\"https:\/\/misa.vrankova-devel2.cz\/subdom\/misa\/kontakt\/\">Kontaktujte ma<\/a><\/div>\n<\/div>\n","protected":false},"excerpt":{"rendered":"<p>Som Michaela Dlh\u00e1 a mojou z\u00e1\u013eubou a z\u00e1rove\u0148 aj pr\u00e1cou je pr\u00edstupnos\u0165. Mojou v\u00fdhodou je, \u017ee dok\u00e1\u017eem testova\u0165 web aj mobiln\u00fa aplik\u00e1ciu nielen z h\u013eadiska povinn\u00e9ho s\u00faladu so z\u00e1konmi, ale aj ako re\u00e1lny pou\u017e\u00edvate\u013e \u010d\u00edta\u010da obrazovky. Nedostanete odo m\u0148a teda len zoznam form\u00e1lnych ch\u00fdb, ale aj odpor\u00fa\u010dania, aby str\u00e1nka \u010di aplik\u00e1cia boli nielen pr\u00edstupn\u00e9, ale &#8230; <a title=\"O mne\" class=\"read-more\" href=\"https:\/\/misa.vrankova-devel2.cz\/subdom\/misa\/o-mne\/\" aria-label=\"Pre\u010d\u00edtajte si viac o O mne\">\u010c\u00edta\u0165 viac<\/a><\/p>\n","protected":false},"author":1,"featured_media":0,"parent":0,"menu_order":2,"comment_status":"closed","ping_status":"closed","template":"","meta":{"inline_featured_image":false,"footnotes":""},"class_list":["post-8","page","type-page","status-publish"],"_links":{"self":[{"href":"https:\/\/misa.vrankova-devel2.cz\/subdom\/misa\/wp-json\/wp\/v2\/pages\/8","targetHints":{"allow":["GET"]}}],"collection":[{"href":"https:\/\/misa.vrankova-devel2.cz\/subdom\/misa\/wp-json\/wp\/v2\/pages"}],"about":[{"href":"https:\/\/misa.vrankova-devel2.cz\/subdom\/misa\/wp-json\/wp\/v2\/types\/page"}],"author":[{"embeddable":true,"href":"https:\/\/misa.vrankova-devel2.cz\/subdom\/misa\/wp-json\/wp\/v2\/users\/1"}],"replies":[{"embeddable":true,"href":"https:\/\/misa.vrankova-devel2.cz\/subdom\/misa\/wp-json\/wp\/v2\/comments?post=8"}],"version-history":[{"count":37,"href":"https:\/\/misa.vrankova-devel2.cz\/subdom\/misa\/wp-json\/wp\/v2\/pages\/8\/revisions"}],"predecessor-version":[{"id":300,"href":"https:\/\/misa.vrankova-devel2.cz\/subdom\/misa\/wp-json\/wp\/v2\/pages\/8\/revisions\/300"}],"wp:attachment":[{"href":"https:\/\/misa.vrankova-devel2.cz\/subdom\/misa\/wp-json\/wp\/v2\/media?parent=8"}],"curies":[{"name":"wp","href":"https:\/\/api.w.org\/{rel}","templated":true}]}}